{"id":30476,"date":"2021-04-15T11:20:14","date_gmt":"2021-04-15T09:20:14","guid":{"rendered":"https:\/\/lentraide.es\/?page_id=30476"},"modified":"2026-01-17T16:57:51","modified_gmt":"2026-01-17T15:57:51","slug":"qui-sommes-nous-es","status":"publish","type":"page","link":"https:\/\/lentraide.es\/es\/qui-sommes-nous-es\/","title":{"rendered":"Nuestra historia"},"content":{"rendered":"<div class=\"wpb-content-wrapper\"><p>[vc_row css_animation=\u00bb\u00bb row_type=\u00bbrow\u00bb use_row_as_full_screen_section=\u00bbno\u00bb type=\u00bbfull_width\u00bb angled_section=\u00bbno\u00bb text_align=\u00bbleft\u00bb background_image_as_pattern=\u00bbwithout_pattern\u00bb z_index=\u00bb\u00bb][vc_column el_id=\u00bbTab\u00bb]<div class=\"qode-advanced-tabs qode-advanced-tabs qode-advanced-horizontal-tab clearfix qode-advanced-tab-without-icon qode-advanced-tabs-column-0 clearfix\">\n\t<ul class=\"qode-advanced-tabs-nav\">\n\t\t\t<\/ul>\n\t<div class=\"qode-advanced-tab-container\" id=\"tab-tab-725\" data-icon-pack=\"\" data-icon-html=\"\">[vc_column_text css=\u00bb\u00bb]<\/p>\n<h1 style=\"text-align: center;\"><strong>Historia de l&#8217;Entraide Fran\u00e7aise<\/strong><\/h1>\n<p>[\/vc_column_text]<div class=\"qode-workflow Aider dans l&#039;urgence\">\n    <span class=\"main-line\" style=\"background-color:#878787;\"><\/span>\n    <div class=\"qode-workflow-item\">\n    <span class=\"line\" style=\"\"><\/span>\n    <div class=\"qode-workflow-item-inner reverse\">\n        <div class=\"qode-workflow-image right\">\n            <img loading=\"lazy\" decoding=\"async\" width=\"300\" height=\"346\" src=\"https:\/\/lentraide.es\/wp-content\/uploads\/2020\/05\/Ferdinand_de_Lesseps-e1588618319584.jpg\" class=\"attachment-full size-full\" alt=\"Ferdinand_de_Lesseps\" \/>        <\/div>\n        <div class=\"qode-workflow-text\">\n            <span class=\"circle\" style=\"border-color:#000000;\"><\/span>\n                                                    <p class=\"text\">Desde su origen en 1848, l&#039;Entraide ha contribuido al desarrollo, cuidado y educaci\u00f3n de la comunidad francesa en Madrid.  Ha dado lugar a instituciones en Madrid como el Liceo Franc\u00e9s, el Instituto Franc\u00e9s o la residencia de personas mayores Saint Louis des Fran\u00e7ais.  En diciembre de 1848, Ferdinand de Lesseps, ministro plenipotenciario en Madrid, fund\u00f3 Entraide con el nombre de Soci\u00e9t\u00e9 Fran\u00e7aise de Bienfaisance, d&#039;Aide Mutuelle et d&#039;Enseignement (SFB).  A continuaci\u00f3n, proporcion\u00f3, en la medida de sus posibilidades, caridad, ayuda social, asistencia sanitaria e iniciativas culturales y educativas a todos los ciudadanos franceses de la circunscripci\u00f3n consular de Madrid que lo solicitaban.  En 1869, la SFB qued\u00f3 bajo la presidencia y vicepresidencia honor\u00edfica del Embajador y del C\u00f3nsul General de Francia en Madrid.<\/p>\n                    <\/div>\n    <\/div>\n<\/div><div class=\"qode-workflow-item\">\n    <span class=\"line\" style=\"\"><\/span>\n    <div class=\"qode-workflow-item-inner \">\n        <div class=\"qode-workflow-image left\">\n            <img loading=\"lazy\" decoding=\"async\" width=\"657\" height=\"370\" src=\"https:\/\/lentraide.es\/wp-content\/uploads\/2020\/05\/Lyc\u00e9e-Fran\u00e7ais-de-Madrid.jpg\" class=\"attachment-full size-full\" alt=\"Lyc\u00e9e Fran\u00e7ais de Madrid\" srcset=\"https:\/\/lentraide.es\/wp-content\/uploads\/2020\/05\/Lyc\u00e9e-Fran\u00e7ais-de-Madrid.jpg 657w, https:\/\/lentraide.es\/wp-content\/uploads\/2020\/05\/Lyc\u00e9e-Fran\u00e7ais-de-Madrid-300x169.jpg 300w, https:\/\/lentraide.es\/wp-content\/uploads\/2020\/05\/Lyc\u00e9e-Fran\u00e7ais-de-Madrid-539x303.jpg 539w\" sizes=\"auto, (max-width: 657px) 100vw, 657px\" \/>        <\/div>\n        <div class=\"qode-workflow-text\">\n            <span class=\"circle\" style=\"border-color:#000000;\"><\/span>\n                                                    <p class=\"text\">El SFB decidi\u00f3 crear un colegio en 1855, que, tras muchas dificultades con los locales, la contrataci\u00f3n de profesores y las finanzas, se complet\u00f3 en 1884. En 1910, se traslad\u00f3 a su nueva sede, situada en el emplazamiento del actual Instituto Franc\u00e9s de Madrid. Form\u00f3 a 300 estudiantes franceses y espa\u00f1oles hasta el bachillerato. En 1919, la SFB y el gobierno franc\u00e9s decidieron transformar el Colegio en un Liceo de pleno derecho. A lo largo de los a\u00f1os, el Liceo Franc\u00e9s de Madrid se ha convertido en uno de los establecimientos m\u00e1s importantes de la ense\u00f1anza en lengua francesa del extranjero.<\/p>\n                    <\/div>\n    <\/div>\n<\/div><div class=\"qode-workflow-item\">\n    <span class=\"line\" style=\"\"><\/span>\n    <div class=\"qode-workflow-item-inner reverse\">\n        <div class=\"qode-workflow-image right\">\n            <img loading=\"lazy\" decoding=\"async\" width=\"1000\" height=\"557\" src=\"https:\/\/lentraide.es\/wp-content\/uploads\/2020\/05\/Institut-Fran\u00e7ais-Facade-3.jpg\" class=\"attachment-full size-full\" alt=\"Institut Fran\u00e7ais Facade\" srcset=\"https:\/\/lentraide.es\/wp-content\/uploads\/2020\/05\/Institut-Fran\u00e7ais-Facade-3.jpg 1000w, https:\/\/lentraide.es\/wp-content\/uploads\/2020\/05\/Institut-Fran\u00e7ais-Facade-3-300x167.jpg 300w, https:\/\/lentraide.es\/wp-content\/uploads\/2020\/05\/Institut-Fran\u00e7ais-Facade-3-768x428.jpg 768w, https:\/\/lentraide.es\/wp-content\/uploads\/2020\/05\/Institut-Fran\u00e7ais-Facade-3-700x390.jpg 700w\" sizes=\"auto, (max-width: 1000px) 100vw, 1000px\" \/>        <\/div>\n        <div class=\"qode-workflow-text\">\n            <span class=\"circle\" style=\"border-color:#000000;\"><\/span>\n                                                    <p class=\"text\">El Instituto Franc\u00e9s de Madrid tambi\u00e9n naci\u00f3 de un acuerdo firmado en julio de 1909 entre el embajador de Francia, en nombre de la SFB, y los rectores de las Academias de Bordeaux y Toulouse. El objetivo era reunir en una sola instituci\u00f3n dos fundaciones universitarias dedicadas a la investigaci\u00f3n y ense\u00f1anza, que deb\u00edan trabajar para estrechar los lazos entre Francia y Espa\u00f1a. En 1967, la SFB, en colaboraci\u00f3n con la Obra San Luis de los Franceses, cre\u00f3 la residencia de ancianos San Luis de los Franceses, que sustituy\u00f3 al antiguo hospital San Luis.<\/p>\n                    <\/div>\n    <\/div>\n<\/div><div class=\"qode-workflow-item\">\n    <span class=\"line\" style=\"\"><\/span>\n    <div class=\"qode-workflow-item-inner \">\n        <div class=\"qode-workflow-image left\">\n            <img loading=\"lazy\" decoding=\"async\" width=\"1152\" height=\"768\" src=\"https:\/\/lentraide.es\/wp-content\/uploads\/2020\/03\/helping-hand-Z7FUTM6-FILEminimizer.jpg\" class=\"attachment-full size-full\" alt=\"helping-hand-Z7FUTM6 (FILEminimizer)\" srcset=\"https:\/\/lentraide.es\/wp-content\/uploads\/2020\/03\/helping-hand-Z7FUTM6-FILEminimizer.jpg 1152w, https:\/\/lentraide.es\/wp-content\/uploads\/2020\/03\/helping-hand-Z7FUTM6-FILEminimizer-300x200.jpg 300w, https:\/\/lentraide.es\/wp-content\/uploads\/2020\/03\/helping-hand-Z7FUTM6-FILEminimizer-1024x683.jpg 1024w, https:\/\/lentraide.es\/wp-content\/uploads\/2020\/03\/helping-hand-Z7FUTM6-FILEminimizer-768x512.jpg 768w, https:\/\/lentraide.es\/wp-content\/uploads\/2020\/03\/helping-hand-Z7FUTM6-FILEminimizer-700x467.jpg 700w\" sizes=\"auto, (max-width: 1152px) 100vw, 1152px\" \/>        <\/div>\n        <div class=\"qode-workflow-text\">\n            <span class=\"circle\" style=\"border-color:#000000;\"><\/span>\n                                                    <p class=\"text\">En noviembre de 2004, la Sociedad de Beneficencia cambi\u00f3 su nombre por el de Entraide Fran\u00e7aise Madrid manteniendo intacta su finalidad ``de asistencia social, ayuda, auxilio y solidaridad hacia los ciudadanos franco espa\u00f1oles en situaci\u00f3n de necesidad o dificultad, residentes en Espa\u00f1a o de paso por la circunscripci\u00f3n consular de Madrid (...) o cualquier otro beneficiario que re\u00fana las condiciones (...)`` - Art 4 de los Estatutos de Entraide Fran\u00e7aise Madrid.<\/p>\n                    <\/div>\n    <\/div>\n<\/div><div class=\"qode-workflow-item\">\n    <span class=\"line\" style=\"\"><\/span>\n    <div class=\"qode-workflow-item-inner reverse\">\n        <div class=\"qode-workflow-image right\">\n                    <\/div>\n        <div class=\"qode-workflow-text\">\n            <span class=\"circle\" style=\"border-color:#000000;\"><\/span>\n                                            <\/div>\n    <\/div>\n<\/div><\/div><\/div><\/div>[\/vc_column][\/vc_row]<\/p>\n<\/div>","protected":false},"excerpt":{"rendered":"<p>[vc_row css_animation=\u00bb\u00bb row_type=\u00bbrow\u00bb use_row_as_full_screen_section=\u00bbno\u00bb type=\u00bbfull_width\u00bb angled_section=\u00bbno\u00bb text_align=\u00bbleft\u00bb background_image_as_pattern=\u00bbwithout_pattern\u00bb z_index=\u00bb\u00bb][vc_column el_id=\u00bbTab\u00bb][\/vc_column][\/vc_row]<\/p>\n","protected":false},"author":400,"featured_media":0,"parent":0,"menu_order":0,"comment_status":"closed","ping_status":"closed","template":"full_width.php","meta":{"_acf_changed":false,"footnotes":""},"class_list":["post-30476","page","type-page","status-publish","hentry"],"acf":[],"yoast_head":"<!-- This site is optimized with the Yoast SEO plugin v27.3 - https:\/\/yoast.com\/product\/yoast-seo-wordpress\/ -->\n<title>Nuestra historia | Entraide Fran\u00e7aise<\/title>\n<meta name=\"description\" content=\"Nuestra historia | Entraide Fran\u00e7aise |\" \/>\n<meta name=\"robots\" content=\"index, follow, max-snippet:-1, max-image-preview:large, max-video-preview:-1\" \/>\n<link rel=\"canonical\" href=\"https:\/\/lentraide.es\/es\/qui-sommes-nous-es\/\" \/>\n<meta property=\"og:locale\" content=\"es_ES\" \/>\n<meta property=\"og:type\" content=\"article\" \/>\n<meta property=\"og:title\" content=\"Nuestra historia | Entraide Fran\u00e7aise\" \/>\n<meta property=\"og:description\" content=\"Nuestra historia | Entraide Fran\u00e7aise |\" \/>\n<meta property=\"og:url\" content=\"https:\/\/lentraide.es\/es\/qui-sommes-nous-es\/\" \/>\n<meta property=\"og:site_name\" content=\"Entraide Fran\u00e7aise\" \/>\n<meta property=\"article:publisher\" content=\"https:\/\/www.facebook.com\/entraide.francaisemadrid\" \/>\n<meta property=\"article:modified_time\" content=\"2026-01-17T15:57:51+00:00\" \/>\n<meta name=\"twitter:card\" content=\"summary_large_image\" \/>\n<meta name=\"twitter:label1\" content=\"Tiempo de lectura\" \/>\n\t<meta name=\"twitter:data1\" content=\"8 minutos\" \/>\n<script type=\"application\/ld+json\" class=\"yoast-schema-graph\">{\"@context\":\"https:\\\/\\\/schema.org\",\"@graph\":[{\"@type\":\"WebPage\",\"@id\":\"https:\\\/\\\/lentraide.es\\\/es\\\/qui-sommes-nous-es\\\/\",\"url\":\"https:\\\/\\\/lentraide.es\\\/es\\\/qui-sommes-nous-es\\\/\",\"name\":\"Nuestra historia | Entraide Fran\u00e7aise\",\"isPartOf\":{\"@id\":\"https:\\\/\\\/lentraide.es\\\/fr\\\/#website\"},\"datePublished\":\"2021-04-15T09:20:14+00:00\",\"dateModified\":\"2026-01-17T15:57:51+00:00\",\"description\":\"Nuestra historia | Entraide Fran\u00e7aise |\",\"breadcrumb\":{\"@id\":\"https:\\\/\\\/lentraide.es\\\/es\\\/qui-sommes-nous-es\\\/#breadcrumb\"},\"inLanguage\":\"es\",\"potentialAction\":[{\"@type\":\"ReadAction\",\"target\":[\"https:\\\/\\\/lentraide.es\\\/es\\\/qui-sommes-nous-es\\\/\"]}]},{\"@type\":\"BreadcrumbList\",\"@id\":\"https:\\\/\\\/lentraide.es\\\/es\\\/qui-sommes-nous-es\\\/#breadcrumb\",\"itemListElement\":[{\"@type\":\"ListItem\",\"position\":1,\"name\":\"Accueil\",\"item\":\"https:\\\/\\\/lentraide.es\\\/es\\\/\"},{\"@type\":\"ListItem\",\"position\":2,\"name\":\"Nuestra historia\"}]},{\"@type\":\"WebSite\",\"@id\":\"https:\\\/\\\/lentraide.es\\\/fr\\\/#website\",\"url\":\"https:\\\/\\\/lentraide.es\\\/fr\\\/\",\"name\":\"Entraide Fran\u00e7aise\",\"description\":\"Une main tendue vers la France\",\"publisher\":{\"@id\":\"https:\\\/\\\/lentraide.es\\\/fr\\\/#organization\"},\"alternateName\":\"L'entraide\",\"potentialAction\":[{\"@type\":\"SearchAction\",\"target\":{\"@type\":\"EntryPoint\",\"urlTemplate\":\"https:\\\/\\\/lentraide.es\\\/fr\\\/?s={search_term_string}\"},\"query-input\":{\"@type\":\"PropertyValueSpecification\",\"valueRequired\":true,\"valueName\":\"search_term_string\"}}],\"inLanguage\":\"es\"},{\"@type\":\"Organization\",\"@id\":\"https:\\\/\\\/lentraide.es\\\/fr\\\/#organization\",\"name\":\"Entraide Fran\u00e7aise\",\"alternateName\":\"L'entraide\",\"url\":\"https:\\\/\\\/lentraide.es\\\/fr\\\/\",\"logo\":{\"@type\":\"ImageObject\",\"inLanguage\":\"es\",\"@id\":\"https:\\\/\\\/lentraide.es\\\/fr\\\/#\\\/schema\\\/logo\\\/image\\\/\",\"url\":\"https:\\\/\\\/lentraide.es\\\/wp-content\\\/uploads\\\/2015\\\/07\\\/LOGO-azul2.png\",\"contentUrl\":\"https:\\\/\\\/lentraide.es\\\/wp-content\\\/uploads\\\/2015\\\/07\\\/LOGO-azul2.png\",\"width\":232,\"height\":146,\"caption\":\"Entraide Fran\u00e7aise\"},\"image\":{\"@id\":\"https:\\\/\\\/lentraide.es\\\/fr\\\/#\\\/schema\\\/logo\\\/image\\\/\"},\"sameAs\":[\"https:\\\/\\\/www.facebook.com\\\/entraide.francaisemadrid\",\"https:\\\/\\\/www.instagram.com\\\/entraidefrancaisemadrid\\\/\"]}]}<\/script>\n<!-- \/ Yoast SEO plugin. -->","yoast_head_json":{"title":"Nuestra historia | Entraide Fran\u00e7aise","description":"Nuestra historia | Entraide Fran\u00e7aise |","robots":{"index":"index","follow":"follow","max-snippet":"max-snippet:-1","max-image-preview":"max-image-preview:large","max-video-preview":"max-video-preview:-1"},"canonical":"https:\/\/lentraide.es\/es\/qui-sommes-nous-es\/","og_locale":"es_ES","og_type":"article","og_title":"Nuestra historia | Entraide Fran\u00e7aise","og_description":"Nuestra historia | Entraide Fran\u00e7aise |","og_url":"https:\/\/lentraide.es\/es\/qui-sommes-nous-es\/","og_site_name":"Entraide Fran\u00e7aise","article_publisher":"https:\/\/www.facebook.com\/entraide.francaisemadrid","article_modified_time":"2026-01-17T15:57:51+00:00","twitter_card":"summary_large_image","twitter_misc":{"Tiempo de lectura":"8 minutos"},"schema":{"@context":"https:\/\/schema.org","@graph":[{"@type":"WebPage","@id":"https:\/\/lentraide.es\/es\/qui-sommes-nous-es\/","url":"https:\/\/lentraide.es\/es\/qui-sommes-nous-es\/","name":"Nuestra historia | Entraide Fran\u00e7aise","isPartOf":{"@id":"https:\/\/lentraide.es\/fr\/#website"},"datePublished":"2021-04-15T09:20:14+00:00","dateModified":"2026-01-17T15:57:51+00:00","description":"Nuestra historia | Entraide Fran\u00e7aise |","breadcrumb":{"@id":"https:\/\/lentraide.es\/es\/qui-sommes-nous-es\/#breadcrumb"},"inLanguage":"es","potentialAction":[{"@type":"ReadAction","target":["https:\/\/lentraide.es\/es\/qui-sommes-nous-es\/"]}]},{"@type":"BreadcrumbList","@id":"https:\/\/lentraide.es\/es\/qui-sommes-nous-es\/#breadcrumb","itemListElement":[{"@type":"ListItem","position":1,"name":"Accueil","item":"https:\/\/lentraide.es\/es\/"},{"@type":"ListItem","position":2,"name":"Nuestra historia"}]},{"@type":"WebSite","@id":"https:\/\/lentraide.es\/fr\/#website","url":"https:\/\/lentraide.es\/fr\/","name":"Entraide Fran\u00e7aise","description":"Une main tendue vers la France","publisher":{"@id":"https:\/\/lentraide.es\/fr\/#organization"},"alternateName":"L'entraide","potentialAction":[{"@type":"SearchAction","target":{"@type":"EntryPoint","urlTemplate":"https:\/\/lentraide.es\/fr\/?s={search_term_string}"},"query-input":{"@type":"PropertyValueSpecification","valueRequired":true,"valueName":"search_term_string"}}],"inLanguage":"es"},{"@type":"Organization","@id":"https:\/\/lentraide.es\/fr\/#organization","name":"Entraide Fran\u00e7aise","alternateName":"L'entraide","url":"https:\/\/lentraide.es\/fr\/","logo":{"@type":"ImageObject","inLanguage":"es","@id":"https:\/\/lentraide.es\/fr\/#\/schema\/logo\/image\/","url":"https:\/\/lentraide.es\/wp-content\/uploads\/2015\/07\/LOGO-azul2.png","contentUrl":"https:\/\/lentraide.es\/wp-content\/uploads\/2015\/07\/LOGO-azul2.png","width":232,"height":146,"caption":"Entraide Fran\u00e7aise"},"image":{"@id":"https:\/\/lentraide.es\/fr\/#\/schema\/logo\/image\/"},"sameAs":["https:\/\/www.facebook.com\/entraide.francaisemadrid","https:\/\/www.instagram.com\/entraidefrancaisemadrid\/"]}]}},"_links":{"self":[{"href":"https:\/\/lentraide.es\/es\/wp-json\/wp\/v2\/pages\/30476","targetHints":{"allow":["GET"]}}],"collection":[{"href":"https:\/\/lentraide.es\/es\/wp-json\/wp\/v2\/pages"}],"about":[{"href":"https:\/\/lentraide.es\/es\/wp-json\/wp\/v2\/types\/page"}],"author":[{"embeddable":true,"href":"https:\/\/lentraide.es\/es\/wp-json\/wp\/v2\/users\/400"}],"replies":[{"embeddable":true,"href":"https:\/\/lentraide.es\/es\/wp-json\/wp\/v2\/comments?post=30476"}],"version-history":[{"count":0,"href":"https:\/\/lentraide.es\/es\/wp-json\/wp\/v2\/pages\/30476\/revisions"}],"wp:attachment":[{"href":"https:\/\/lentraide.es\/es\/wp-json\/wp\/v2\/media?parent=30476"}],"curies":[{"name":"wp","href":"https:\/\/api.w.org\/{rel}","templated":true}]}}