{"id":276,"date":"2018-01-26T08:36:25","date_gmt":"2018-01-26T08:36:25","guid":{"rendered":"http:\/\/bridge139.qodeinteractive.com\/?page_id=276"},"modified":"2026-01-17T16:56:23","modified_gmt":"2026-01-17T15:56:23","slug":"notre-histoire","status":"publish","type":"page","link":"https:\/\/lentraide.es\/fr\/notre-histoire\/","title":{"rendered":"Notre histoire"},"content":{"rendered":"<div class=\"wpb-content-wrapper\"><p>[vc_row css_animation=\u00a0\u00bb\u00a0\u00bb row_type=\u00a0\u00bbrow\u00a0\u00bb use_row_as_full_screen_section=\u00a0\u00bbno\u00a0\u00bb type=\u00a0\u00bbfull_width\u00a0\u00bb angled_section=\u00a0\u00bbno\u00a0\u00bb text_align=\u00a0\u00bbleft\u00a0\u00bb background_image_as_pattern=\u00a0\u00bbwithout_pattern\u00a0\u00bb z_index=\u00a0\u00bb\u00a0\u00bb][vc_column el_id=\u00a0\u00bbTab\u00a0\u00bb]<div class=\"qode-advanced-tabs qode-advanced-tabs qode-advanced-horizontal-tab clearfix qode-advanced-tab-without-icon qode-advanced-tabs-column-0 clearfix\">\n\t<ul class=\"qode-advanced-tabs-nav\">\n\t\t\t<\/ul>\n\t<div class=\"qode-advanced-tab-container\" id=\"tab-tab-940\" data-icon-pack=\"\" data-icon-html=\"\">[vc_column_text css=\u00a0\u00bb\u00a0\u00bb]<\/p>\n<h1 style=\"text-align: center;\"><strong>Histoire de l&rsquo;Entraide Fran\u00e7aise<\/strong><\/h1>\n<p>[\/vc_column_text]<div class=\"qode-workflow Aider dans l&#039;urgence\">\n    <span class=\"main-line\" style=\"background-color:#878787;\"><\/span>\n    <div class=\"qode-workflow-item\">\n    <span class=\"line\" style=\"\"><\/span>\n    <div class=\"qode-workflow-item-inner reverse\">\n        <div class=\"qode-workflow-image right\">\n            <img loading=\"lazy\" decoding=\"async\" width=\"300\" height=\"346\" src=\"https:\/\/lentraide.es\/wp-content\/uploads\/2020\/05\/Ferdinand_de_Lesseps-e1588618319584.jpg\" class=\"attachment-full size-full\" alt=\"Ferdinand_de_Lesseps\" \/>        <\/div>\n        <div class=\"qode-workflow-text\">\n            <span class=\"circle\" style=\"border-color:#000000;\"><\/span>\n                                                    <p class=\"text\">Depuis son origine en 1848, l\u2019Entraide contribue au d\u00e9veloppement, aux soins et \u00e0 l\u2019\u00e9ducation de la communaut\u00e9 fran\u00e7aise de Madrid.<\/p>\n<p>Elle a donn\u00e9 naissance \u00e0 des institutions madril\u00e8nes comme le Lyc\u00e9e fran\u00e7ais, l\u2019Institut Fran\u00e7ais ou le foyer pour personnes \u00e2g\u00e9es Saint Louis des Fran\u00e7ais.<\/p>\n<p>C\u2019est en d\u00e9cembre 1848 que Ferdinand de Lesseps, Ministre pl\u00e9nipotentiaire \u00e0 Madrid fonde l\u2019Entraide sous le nom de Soci\u00e9t\u00e9 Fran\u00e7aise de Bienfaisance, d\u2019Aide Mutuelle et d\u2019Enseignement (SFB).<\/p>\n<p>Elle apporte alors, dans la mesure de ses moyens bienfaisance, aide sociale, assistance sanitaire et initiatives culturelles et \u00e9ducatives \u00e0 tous les fran\u00e7ais de la circonscription consulaire de Madrid qui le lui demandent.<\/p>\n<p>En 1869, la SFB se place sous la pr\u00e9sidence et vice-pr\u00e9sidence d\u2019honneur de l\u2019Ambassadeur et du Consul G\u00e9n\u00e9ral de France \u00e0 Madrid.<\/p>\n                    <\/div>\n    <\/div>\n<\/div><div class=\"qode-workflow-item\">\n    <span class=\"line\" style=\"\"><\/span>\n    <div class=\"qode-workflow-item-inner \">\n        <div class=\"qode-workflow-image left\">\n            <img loading=\"lazy\" decoding=\"async\" width=\"657\" height=\"370\" src=\"https:\/\/lentraide.es\/wp-content\/uploads\/2020\/05\/Lyc\u00e9e-Fran\u00e7ais-de-Madrid.jpg\" class=\"attachment-full size-full\" alt=\"Lyc\u00e9e Fran\u00e7ais de Madrid\" srcset=\"https:\/\/lentraide.es\/wp-content\/uploads\/2020\/05\/Lyc\u00e9e-Fran\u00e7ais-de-Madrid.jpg 657w, https:\/\/lentraide.es\/wp-content\/uploads\/2020\/05\/Lyc\u00e9e-Fran\u00e7ais-de-Madrid-300x169.jpg 300w, https:\/\/lentraide.es\/wp-content\/uploads\/2020\/05\/Lyc\u00e9e-Fran\u00e7ais-de-Madrid-539x303.jpg 539w\" sizes=\"auto, (max-width: 657px) 100vw, 657px\" \/>        <\/div>\n        <div class=\"qode-workflow-text\">\n            <span class=\"circle\" style=\"border-color:#000000;\"><\/span>\n                                                    <p class=\"text\">La SFB d\u00e9cide de cr\u00e9er un coll\u00e8ge en 1855, qui, apr\u00e8s de multiples difficult\u00e9s de locaux, de recrutements des enseignants et de finances, verra le jour en 1884.<br \/>\nEn 1910, il int\u00e8grera ses nouveaux locaux \u2013 situ\u00e9s \u00e0 la place de l\u2019actuel Institut Fran\u00e7ais de Madrid. Il formera 300 \u00e9l\u00e8ves fran\u00e7ais et espagnols jusqu\u2019au baccalaur\u00e9at.<br \/>\nEn 1919 la SFB et l\u2019Etat fran\u00e7ais d\u00e9cident de transformer le Coll\u00e8ge en Lyc\u00e9e de plein exercice. Lyc\u00e9e Fran\u00e7ais de Madrid, il est devenu, au fil des ans, l\u2019un des \u00e9tablissements les plus importants de l\u2019enseignement fran\u00e7ais \u00e0 l\u2019\u00e9tranger.<\/p>\n                    <\/div>\n    <\/div>\n<\/div><div class=\"qode-workflow-item\">\n    <span class=\"line\" style=\"\"><\/span>\n    <div class=\"qode-workflow-item-inner reverse\">\n        <div class=\"qode-workflow-image right\">\n            <img loading=\"lazy\" decoding=\"async\" width=\"1000\" height=\"557\" src=\"https:\/\/lentraide.es\/wp-content\/uploads\/2020\/05\/Institut-Fran\u00e7ais-Facade-3.jpg\" class=\"attachment-full size-full\" alt=\"Institut Fran\u00e7ais Facade\" srcset=\"https:\/\/lentraide.es\/wp-content\/uploads\/2020\/05\/Institut-Fran\u00e7ais-Facade-3.jpg 1000w, https:\/\/lentraide.es\/wp-content\/uploads\/2020\/05\/Institut-Fran\u00e7ais-Facade-3-300x167.jpg 300w, https:\/\/lentraide.es\/wp-content\/uploads\/2020\/05\/Institut-Fran\u00e7ais-Facade-3-768x428.jpg 768w, https:\/\/lentraide.es\/wp-content\/uploads\/2020\/05\/Institut-Fran\u00e7ais-Facade-3-700x390.jpg 700w\" sizes=\"auto, (max-width: 1000px) 100vw, 1000px\" \/>        <\/div>\n        <div class=\"qode-workflow-text\">\n            <span class=\"circle\" style=\"border-color:#000000;\"><\/span>\n                                                    <p class=\"text\">L\u00b4Institut Fran\u00e7ais de Madrid est n\u00e9 lui aussi, d\u00b4un accord sign\u00e9 en juillet 1909 entre l\u00b4Ambassadeur de France, au nom de la SFB, et les recteurs des Acad\u00e9mies de Bordeaux et de Toulouse. Il s\u00b4agissait de regrouper en une seule institution, deux fondations universitaires tourn\u00e9es vers la recherche et l\u2019enseignement et qui devaient \u0153uvrer pour le rapprochement franco-espagnol.<\/p>\n<p>En 1967, la SFB en partenariat avec l\u2019\u0152uvre Saint Louis des Fran\u00e7ais est \u00e0 l\u2019origine de la cr\u00e9ation de la r\u00e9sidence pour personnes \u00e2g\u00e9es Saint Louis des Fran\u00e7ais qui a remplac\u00e9 l\u2019ancien h\u00f4pital Saint Louis.<\/p>\n                    <\/div>\n    <\/div>\n<\/div><div class=\"qode-workflow-item\">\n    <span class=\"line\" style=\"\"><\/span>\n    <div class=\"qode-workflow-item-inner \">\n        <div class=\"qode-workflow-image left\">\n            <img loading=\"lazy\" decoding=\"async\" width=\"1152\" height=\"768\" src=\"https:\/\/lentraide.es\/wp-content\/uploads\/2020\/03\/helping-hand-Z7FUTM6-FILEminimizer.jpg\" class=\"attachment-full size-full\" alt=\"helping-hand-Z7FUTM6 (FILEminimizer)\" srcset=\"https:\/\/lentraide.es\/wp-content\/uploads\/2020\/03\/helping-hand-Z7FUTM6-FILEminimizer.jpg 1152w, https:\/\/lentraide.es\/wp-content\/uploads\/2020\/03\/helping-hand-Z7FUTM6-FILEminimizer-300x200.jpg 300w, https:\/\/lentraide.es\/wp-content\/uploads\/2020\/03\/helping-hand-Z7FUTM6-FILEminimizer-1024x683.jpg 1024w, https:\/\/lentraide.es\/wp-content\/uploads\/2020\/03\/helping-hand-Z7FUTM6-FILEminimizer-768x512.jpg 768w, https:\/\/lentraide.es\/wp-content\/uploads\/2020\/03\/helping-hand-Z7FUTM6-FILEminimizer-700x467.jpg 700w\" sizes=\"auto, (max-width: 1152px) 100vw, 1152px\" \/>        <\/div>\n        <div class=\"qode-workflow-text\">\n            <span class=\"circle\" style=\"border-color:#000000;\"><\/span>\n                                                    <p class=\"text\">En novembre 2004, la Soci\u00e9t\u00e9 de Bienfaisance change de nom et devient Entraide Fran\u00e7aise Madrid tout en conservant intacte sa finalit\u00e9 \u00ab d\u2019assistance sociale, de secours, d\u2019aide et de solidarit\u00e9 envers les citoyens fran\u00e7ais n\u00e9cessiteux ou en difficult\u00e9, r\u00e9sidant en Espagne ou de passage par la circonscription consulaire de Madrid (\u2026) ou tout autre b\u00e9n\u00e9ficiaire qui r\u00e9unit les conditions (\u2026) \u00bb.<\/p>\n<p>Art 4 des Statuts de l\u2019Entraide Fran\u00e7aise Madrid.<\/p>\n                    <\/div>\n    <\/div>\n<\/div><div class=\"qode-workflow-item\">\n    <span class=\"line\" style=\"\"><\/span>\n    <div class=\"qode-workflow-item-inner reverse\">\n        <div class=\"qode-workflow-image right\">\n                    <\/div>\n        <div class=\"qode-workflow-text\">\n            <span class=\"circle\" style=\"border-color:#000000;\"><\/span>\n                                            <\/div>\n    <\/div>\n<\/div><\/div><\/div><\/div>[\/vc_column][\/vc_row]<\/p>\n<\/div>","protected":false},"excerpt":{"rendered":"<p>[vc_row css_animation=\u00a0\u00bb\u00a0\u00bb row_type=\u00a0\u00bbrow\u00a0\u00bb use_row_as_full_screen_section=\u00a0\u00bbno\u00a0\u00bb type=\u00a0\u00bbfull_width\u00a0\u00bb angled_section=\u00a0\u00bbno\u00a0\u00bb text_align=\u00a0\u00bbleft\u00a0\u00bb background_image_as_pattern=\u00a0\u00bbwithout_pattern\u00a0\u00bb z_index=\u00a0\u00bb\u00a0\u00bb][vc_column el_id=\u00a0\u00bbTab\u00a0\u00bb][\/vc_column][\/vc_row]<\/p>\n","protected":false},"author":400,"featured_media":0,"parent":0,"menu_order":0,"comment_status":"closed","ping_status":"closed","template":"full_width.php","meta":{"_acf_changed":false,"footnotes":""},"class_list":["post-276","page","type-page","status-publish","hentry"],"acf":[],"yoast_head":"<!-- This site is optimized with the Yoast SEO plugin v27.3 - https:\/\/yoast.com\/product\/yoast-seo-wordpress\/ -->\n<title>Notre histoire | Entraide Fran\u00e7aise<\/title>\n<meta name=\"description\" content=\"Notre histoire | Entraide Fran\u00e7aise |\" \/>\n<meta name=\"robots\" content=\"index, follow, max-snippet:-1, max-image-preview:large, max-video-preview:-1\" \/>\n<link rel=\"canonical\" href=\"https:\/\/lentraide.es\/fr\/notre-histoire\/\" \/>\n<meta property=\"og:locale\" content=\"fr_FR\" \/>\n<meta property=\"og:type\" content=\"article\" \/>\n<meta property=\"og:title\" content=\"Notre histoire | Entraide Fran\u00e7aise\" \/>\n<meta property=\"og:description\" content=\"Notre histoire | Entraide Fran\u00e7aise |\" \/>\n<meta property=\"og:url\" content=\"https:\/\/lentraide.es\/fr\/notre-histoire\/\" \/>\n<meta property=\"og:site_name\" content=\"Entraide Fran\u00e7aise\" \/>\n<meta property=\"article:publisher\" content=\"https:\/\/www.facebook.com\/entraide.francaisemadrid\" \/>\n<meta property=\"article:modified_time\" content=\"2026-01-17T15:56:23+00:00\" \/>\n<meta name=\"twitter:card\" content=\"summary_large_image\" \/>\n<meta name=\"twitter:label1\" content=\"Tiempo de lectura\" \/>\n\t<meta name=\"twitter:data1\" content=\"3 minutes\" \/>\n<script type=\"application\/ld+json\" class=\"yoast-schema-graph\">{\"@context\":\"https:\\\/\\\/schema.org\",\"@graph\":[{\"@type\":\"WebPage\",\"@id\":\"https:\\\/\\\/lentraide.es\\\/fr\\\/notre-histoire\\\/\",\"url\":\"https:\\\/\\\/lentraide.es\\\/fr\\\/notre-histoire\\\/\",\"name\":\"Notre histoire | Entraide Fran\u00e7aise\",\"isPartOf\":{\"@id\":\"https:\\\/\\\/lentraide.es\\\/fr\\\/#website\"},\"datePublished\":\"2018-01-26T08:36:25+00:00\",\"dateModified\":\"2026-01-17T15:56:23+00:00\",\"description\":\"Notre histoire | Entraide Fran\u00e7aise |\",\"breadcrumb\":{\"@id\":\"https:\\\/\\\/lentraide.es\\\/fr\\\/notre-histoire\\\/#breadcrumb\"},\"inLanguage\":\"es\",\"potentialAction\":[{\"@type\":\"ReadAction\",\"target\":[\"https:\\\/\\\/lentraide.es\\\/fr\\\/notre-histoire\\\/\"]}]},{\"@type\":\"BreadcrumbList\",\"@id\":\"https:\\\/\\\/lentraide.es\\\/fr\\\/notre-histoire\\\/#breadcrumb\",\"itemListElement\":[{\"@type\":\"ListItem\",\"position\":1,\"name\":\"Accueil\",\"item\":\"https:\\\/\\\/lentraide.es\\\/fr\\\/\"},{\"@type\":\"ListItem\",\"position\":2,\"name\":\"Notre histoire\"}]},{\"@type\":\"WebSite\",\"@id\":\"https:\\\/\\\/lentraide.es\\\/fr\\\/#website\",\"url\":\"https:\\\/\\\/lentraide.es\\\/fr\\\/\",\"name\":\"Entraide Fran\u00e7aise\",\"description\":\"Une main tendue vers la France\",\"publisher\":{\"@id\":\"https:\\\/\\\/lentraide.es\\\/fr\\\/#organization\"},\"alternateName\":\"L'entraide\",\"potentialAction\":[{\"@type\":\"SearchAction\",\"target\":{\"@type\":\"EntryPoint\",\"urlTemplate\":\"https:\\\/\\\/lentraide.es\\\/fr\\\/?s={search_term_string}\"},\"query-input\":{\"@type\":\"PropertyValueSpecification\",\"valueRequired\":true,\"valueName\":\"search_term_string\"}}],\"inLanguage\":\"es\"},{\"@type\":\"Organization\",\"@id\":\"https:\\\/\\\/lentraide.es\\\/fr\\\/#organization\",\"name\":\"Entraide Fran\u00e7aise\",\"alternateName\":\"L'entraide\",\"url\":\"https:\\\/\\\/lentraide.es\\\/fr\\\/\",\"logo\":{\"@type\":\"ImageObject\",\"inLanguage\":\"es\",\"@id\":\"https:\\\/\\\/lentraide.es\\\/fr\\\/#\\\/schema\\\/logo\\\/image\\\/\",\"url\":\"https:\\\/\\\/lentraide.es\\\/wp-content\\\/uploads\\\/2015\\\/07\\\/LOGO-azul2.png\",\"contentUrl\":\"https:\\\/\\\/lentraide.es\\\/wp-content\\\/uploads\\\/2015\\\/07\\\/LOGO-azul2.png\",\"width\":232,\"height\":146,\"caption\":\"Entraide Fran\u00e7aise\"},\"image\":{\"@id\":\"https:\\\/\\\/lentraide.es\\\/fr\\\/#\\\/schema\\\/logo\\\/image\\\/\"},\"sameAs\":[\"https:\\\/\\\/www.facebook.com\\\/entraide.francaisemadrid\",\"https:\\\/\\\/www.instagram.com\\\/entraidefrancaisemadrid\\\/\"]}]}<\/script>\n<!-- \/ Yoast SEO plugin. -->","yoast_head_json":{"title":"Notre histoire | Entraide Fran\u00e7aise","description":"Notre histoire | Entraide Fran\u00e7aise |","robots":{"index":"index","follow":"follow","max-snippet":"max-snippet:-1","max-image-preview":"max-image-preview:large","max-video-preview":"max-video-preview:-1"},"canonical":"https:\/\/lentraide.es\/fr\/notre-histoire\/","og_locale":"fr_FR","og_type":"article","og_title":"Notre histoire | Entraide Fran\u00e7aise","og_description":"Notre histoire | Entraide Fran\u00e7aise |","og_url":"https:\/\/lentraide.es\/fr\/notre-histoire\/","og_site_name":"Entraide Fran\u00e7aise","article_publisher":"https:\/\/www.facebook.com\/entraide.francaisemadrid","article_modified_time":"2026-01-17T15:56:23+00:00","twitter_card":"summary_large_image","twitter_misc":{"Tiempo de lectura":"3 minutes"},"schema":{"@context":"https:\/\/schema.org","@graph":[{"@type":"WebPage","@id":"https:\/\/lentraide.es\/fr\/notre-histoire\/","url":"https:\/\/lentraide.es\/fr\/notre-histoire\/","name":"Notre histoire | Entraide Fran\u00e7aise","isPartOf":{"@id":"https:\/\/lentraide.es\/fr\/#website"},"datePublished":"2018-01-26T08:36:25+00:00","dateModified":"2026-01-17T15:56:23+00:00","description":"Notre histoire | Entraide Fran\u00e7aise |","breadcrumb":{"@id":"https:\/\/lentraide.es\/fr\/notre-histoire\/#breadcrumb"},"inLanguage":"es","potentialAction":[{"@type":"ReadAction","target":["https:\/\/lentraide.es\/fr\/notre-histoire\/"]}]},{"@type":"BreadcrumbList","@id":"https:\/\/lentraide.es\/fr\/notre-histoire\/#breadcrumb","itemListElement":[{"@type":"ListItem","position":1,"name":"Accueil","item":"https:\/\/lentraide.es\/fr\/"},{"@type":"ListItem","position":2,"name":"Notre histoire"}]},{"@type":"WebSite","@id":"https:\/\/lentraide.es\/fr\/#website","url":"https:\/\/lentraide.es\/fr\/","name":"Entraide Fran\u00e7aise","description":"Une main tendue vers la France","publisher":{"@id":"https:\/\/lentraide.es\/fr\/#organization"},"alternateName":"L'entraide","potentialAction":[{"@type":"SearchAction","target":{"@type":"EntryPoint","urlTemplate":"https:\/\/lentraide.es\/fr\/?s={search_term_string}"},"query-input":{"@type":"PropertyValueSpecification","valueRequired":true,"valueName":"search_term_string"}}],"inLanguage":"es"},{"@type":"Organization","@id":"https:\/\/lentraide.es\/fr\/#organization","name":"Entraide Fran\u00e7aise","alternateName":"L'entraide","url":"https:\/\/lentraide.es\/fr\/","logo":{"@type":"ImageObject","inLanguage":"es","@id":"https:\/\/lentraide.es\/fr\/#\/schema\/logo\/image\/","url":"https:\/\/lentraide.es\/wp-content\/uploads\/2015\/07\/LOGO-azul2.png","contentUrl":"https:\/\/lentraide.es\/wp-content\/uploads\/2015\/07\/LOGO-azul2.png","width":232,"height":146,"caption":"Entraide Fran\u00e7aise"},"image":{"@id":"https:\/\/lentraide.es\/fr\/#\/schema\/logo\/image\/"},"sameAs":["https:\/\/www.facebook.com\/entraide.francaisemadrid","https:\/\/www.instagram.com\/entraidefrancaisemadrid\/"]}]}},"_links":{"self":[{"href":"https:\/\/lentraide.es\/fr\/wp-json\/wp\/v2\/pages\/276","targetHints":{"allow":["GET"]}}],"collection":[{"href":"https:\/\/lentraide.es\/fr\/wp-json\/wp\/v2\/pages"}],"about":[{"href":"https:\/\/lentraide.es\/fr\/wp-json\/wp\/v2\/types\/page"}],"author":[{"embeddable":true,"href":"https:\/\/lentraide.es\/fr\/wp-json\/wp\/v2\/users\/400"}],"replies":[{"embeddable":true,"href":"https:\/\/lentraide.es\/fr\/wp-json\/wp\/v2\/comments?post=276"}],"version-history":[{"count":0,"href":"https:\/\/lentraide.es\/fr\/wp-json\/wp\/v2\/pages\/276\/revisions"}],"wp:attachment":[{"href":"https:\/\/lentraide.es\/fr\/wp-json\/wp\/v2\/media?parent=276"}],"curies":[{"name":"wp","href":"https:\/\/api.w.org\/{rel}","templated":true}]}}