{"id":62344,"date":"2025-11-29T12:00:05","date_gmt":"2025-11-29T11:00:05","guid":{"rendered":"https:\/\/lentraide.es\/?page_id=62344"},"modified":"2026-03-30T22:21:32","modified_gmt":"2026-03-30T20:21:32","slug":"reconstruire-projet-vie","status":"publish","type":"page","link":"https:\/\/lentraide.es\/fr\/reconstruire-projet-vie\/","title":{"rendered":"Reconstuire un projet de vie"},"content":{"rendered":"<div class=\"wpb-content-wrapper\"><p>[vc_row css_animation=\u00a0\u00bb\u00a0\u00bb row_type=\u00a0\u00bbrow\u00a0\u00bb use_row_as_full_screen_section=\u00a0\u00bbno\u00a0\u00bb type=\u00a0\u00bbgrid\u00a0\u00bb angled_section=\u00a0\u00bbno\u00a0\u00bb text_align=\u00a0\u00bbleft\u00a0\u00bb background_image_as_pattern=\u00a0\u00bbwithout_pattern\u00a0\u00bb z_index=\u00a0\u00bb\u00a0\u00bb][vc_column width=\u00a0\u00bb1\/6&Prime;][vc_empty_space height=\u00a0\u00bb20px\u00a0\u00bb][\/vc_column][vc_column width=\u00a0\u00bb2\/3&Prime;][vc_empty_space height=\u00a0\u00bb20px\u00a0\u00bb][vc_column_text css=\u00a0\u00bb\u00a0\u00bb]<\/p>\n<h1 style=\"text-align: center;\"><span style=\"color: #00b7ff;\"><strong>RECONSTUIRE UN PROJET DE VIE<\/strong><\/span><\/h1>\n<p>[\/vc_column_text][vc_empty_space height=\u00a0\u00bb20px\u00a0\u00bb][\/vc_column][vc_column width=\u00a0\u00bb1\/6&Prime;][vc_empty_space height=\u00a0\u00bb20px\u00a0\u00bb][\/vc_column][\/vc_row][vc_row css_animation=\u00a0\u00bb\u00a0\u00bb row_type=\u00a0\u00bbrow\u00a0\u00bb use_row_as_full_screen_section=\u00a0\u00bbno\u00a0\u00bb type=\u00a0\u00bbfull_width\u00a0\u00bb angled_section=\u00a0\u00bbno\u00a0\u00bb text_align=\u00a0\u00bbleft\u00a0\u00bb background_image_as_pattern=\u00a0\u00bbwithout_pattern\u00a0\u00bb][vc_column][vc_empty_space]<div class=\"qode-workflow \">\n    <span class=\"main-line\" style=\"background-color:#878787;\"><\/span>\n    <div class=\"qode-workflow-item\">\n    <span class=\"line\" style=\"\"><\/span>\n    <div class=\"qode-workflow-item-inner reverse\">\n        <div class=\"qode-workflow-image right\">\n            <img loading=\"lazy\" decoding=\"async\" width=\"670\" height=\"419\" src=\"https:\/\/lentraide.es\/wp-content\/uploads\/2020\/05\/Aides-Administrative.png\" class=\"attachment-full size-full\" alt=\"\" srcset=\"https:\/\/lentraide.es\/wp-content\/uploads\/2020\/05\/Aides-Administrative.png 670w, https:\/\/lentraide.es\/wp-content\/uploads\/2020\/05\/Aides-Administrative-300x188.png 300w\" sizes=\"auto, (max-width: 670px) 100vw, 670px\" \/>        <\/div>\n        <div class=\"qode-workflow-text\">\n            <span class=\"circle\" style=\"border-color:#000000;\"><\/span>\n                            <h3>Reprendre confiance<\/h3>\n                                                    <p class=\"text\">Le lien \u00e9tabli entre la famille et l\u2019Entraide gr\u00e2ce \u00e0 l\u2019aide d\u2019urgence, l\u2019accompagnement psychologique, la formation professionnelle, permet d\u2019envisager un retour \u00e0 l\u2019autonomie.<\/p>\n<p>La confiance en un meilleur futur s\u2019est reconstruite et il est temps de r\u00e9fl\u00e9chir avec la famille \u00e0 un projet de vie : changer de logement ou mieux l\u2019am\u00e9nager, rechercher un emploi, rentrer en France, etc.<\/p>\n<p>L\u2019accompagnement et la constance de l'\u00e9quipe d'Entraide pour la r\u00e9ussite du projet sera essentiel pour la famille.<\/p>\n                    <\/div>\n    <\/div>\n<\/div><div class=\"qode-workflow-item\">\n    <span class=\"line\" style=\"\"><\/span>\n    <div class=\"qode-workflow-item-inner \">\n        <div class=\"qode-workflow-image left\">\n            <img loading=\"lazy\" decoding=\"async\" width=\"1152\" height=\"768\" src=\"https:\/\/lentraide.es\/wp-content\/uploads\/2020\/03\/adult-students-in-class-2ZSWQRV-FILEminimizer.jpg\" class=\"attachment-full size-full\" alt=\"\" srcset=\"https:\/\/lentraide.es\/wp-content\/uploads\/2020\/03\/adult-students-in-class-2ZSWQRV-FILEminimizer.jpg 1152w, https:\/\/lentraide.es\/wp-content\/uploads\/2020\/03\/adult-students-in-class-2ZSWQRV-FILEminimizer-300x200.jpg 300w, https:\/\/lentraide.es\/wp-content\/uploads\/2020\/03\/adult-students-in-class-2ZSWQRV-FILEminimizer-768x512.jpg 768w, https:\/\/lentraide.es\/wp-content\/uploads\/2020\/03\/adult-students-in-class-2ZSWQRV-FILEminimizer-1024x683.jpg 1024w, https:\/\/lentraide.es\/wp-content\/uploads\/2020\/03\/adult-students-in-class-2ZSWQRV-FILEminimizer-700x467.jpg 700w\" sizes=\"auto, (max-width: 1152px) 100vw, 1152px\" \/>        <\/div>\n        <div class=\"qode-workflow-text\">\n            <span class=\"circle\" style=\"border-color:#000000;\"><\/span>\n                            <h3>La r\u00e9insertion professionnelle et sociale<\/h3>\n                                                    <p class=\"text\">La r\u00e9insertion de personnes en rupture totale avec la soci\u00e9t\u00e9 se fait par \u00e9tape et \u00e0 travers un accompagnement r\u00e9gulier par une m\u00eame personne dans la dur\u00e9e.<br \/>\nL\u2019insertion professionnelle est un pilier de la reconstruction individuelle. L\u2019Entraide a mis en place des simulations d\u2019entretiens d\u2019embauche, l\u2019aide \u00e0 la r\u00e9alisation de CV, de lettres de motivation et \u00e9galement des sessions de mise en valeur des points positifs de la personne et des conseils pour soigner son image (v\u00eatements, coiffure).<\/p>\n                    <\/div>\n    <\/div>\n<\/div><div class=\"qode-workflow-item\">\n    <span class=\"line\" style=\"\"><\/span>\n    <div class=\"qode-workflow-item-inner reverse\">\n        <div class=\"qode-workflow-image right\">\n            <img loading=\"lazy\" decoding=\"async\" width=\"1134\" height=\"1030\" src=\"https:\/\/lentraide.es\/wp-content\/uploads\/2020\/05\/Retour-en-France.jpg\" class=\"attachment-full size-full\" alt=\"\" srcset=\"https:\/\/lentraide.es\/wp-content\/uploads\/2020\/05\/Retour-en-France.jpg 1134w, https:\/\/lentraide.es\/wp-content\/uploads\/2020\/05\/Retour-en-France-300x272.jpg 300w, https:\/\/lentraide.es\/wp-content\/uploads\/2020\/05\/Retour-en-France-1024x930.jpg 1024w, https:\/\/lentraide.es\/wp-content\/uploads\/2020\/05\/Retour-en-France-768x698.jpg 768w, https:\/\/lentraide.es\/wp-content\/uploads\/2020\/05\/Retour-en-France-700x636.jpg 700w\" sizes=\"auto, (max-width: 1134px) 100vw, 1134px\" \/>        <\/div>\n        <div class=\"qode-workflow-text\">\n            <span class=\"circle\" style=\"border-color:#000000;\"><\/span>\n                            <h3>Le retour en France<\/h3>\n                                                    <p class=\"text\">Parfois des situations complexes de s\u00e9paration, de divorce, de garde d\u2019enfant, de succession, etc. se pr\u00e9sentent. Avec l\u2019aide d\u2019un avocat, l\u2019Entraide apporte son soutien pour trouver une solution.<\/p>\n<p>Lorsque cela est possible, c\u2019est-\u00e0-dire lorsque la ou les personnes aid\u00e9es le souhaitent spontan\u00e9ment ou l'envisagent peu \u00e0 peu, surtout si elles ont conserv\u00e9 un support familial ou relationnel en France, l\u2019Entraide peut proposer un retour en France.<\/p>\n<p>En fonction du contexte familial, de la sp\u00e9cialit\u00e9 professionnelle, des possibilit\u00e9s d\u2019emploi dans la r\u00e9gion, un endroit est d\u00e9fini en commun accord. La logistique du retour est ensuite organis\u00e9e : trouver un premier logement, organiser le d\u00e9m\u00e9nagement, puis mettre en ordre sa nouvelle situation administrative en France.<\/p>\n                    <\/div>\n    <\/div>\n<\/div><div class=\"qode-workflow-item\">\n    <span class=\"line\" style=\"\"><\/span>\n    <div class=\"qode-workflow-item-inner \">\n        <div class=\"qode-workflow-image left\">\n            <img loading=\"lazy\" decoding=\"async\" width=\"2225\" height=\"2313\" src=\"https:\/\/lentraide.es\/wp-content\/uploads\/2020\/05\/Fran\u00e7ais-FLE.jpg\" class=\"attachment-full size-full\" alt=\"\" srcset=\"https:\/\/lentraide.es\/wp-content\/uploads\/2020\/05\/Fran\u00e7ais-FLE.jpg 2225w, https:\/\/lentraide.es\/wp-content\/uploads\/2020\/05\/Fran\u00e7ais-FLE-289x300.jpg 289w, https:\/\/lentraide.es\/wp-content\/uploads\/2020\/05\/Fran\u00e7ais-FLE-985x1024.jpg 985w, https:\/\/lentraide.es\/wp-content\/uploads\/2020\/05\/Fran\u00e7ais-FLE-768x798.jpg 768w, https:\/\/lentraide.es\/wp-content\/uploads\/2020\/05\/Fran\u00e7ais-FLE-1478x1536.jpg 1478w, https:\/\/lentraide.es\/wp-content\/uploads\/2020\/05\/Fran\u00e7ais-FLE-1970x2048.jpg 1970w, https:\/\/lentraide.es\/wp-content\/uploads\/2020\/05\/Fran\u00e7ais-FLE-700x728.jpg 700w, https:\/\/lentraide.es\/wp-content\/uploads\/2020\/05\/Fran\u00e7ais-FLE-300x312.jpg 300w\" sizes=\"auto, (max-width: 2225px) 100vw, 2225px\" \/>        <\/div>\n        <div class=\"qode-workflow-text\">\n            <span class=\"circle\" style=\"border-color:#000000;\"><\/span>\n                            <h3>Les cours de fran\u00e7ais<\/h3>\n                                                    <p class=\"text\">Pour faciliter l\u2019int\u00e9gration dans le milieu familial et social fran\u00e7ais, l\u2019Entraide propose des cours de fran\u00e7ais langue \u00e9trang\u00e8re : apprendre le fran\u00e7ais pour mieux communiquer avec un conjoint fran\u00e7ais et\/ou avec ses enfants scolaris\u00e9s au Lyc\u00e9e Fran\u00e7ais.<\/p>\n                    <\/div>\n    <\/div>\n<\/div><\/div>[\/vc_column][\/vc_row][vc_row css_animation=\u00a0\u00bb\u00a0\u00bb row_type=\u00a0\u00bbrow\u00a0\u00bb use_row_as_full_screen_section=\u00a0\u00bbno\u00a0\u00bb type=\u00a0\u00bbfull_width\u00a0\u00bb angled_section=\u00a0\u00bbno\u00a0\u00bb text_align=\u00a0\u00bbleft\u00a0\u00bb background_image_as_pattern=\u00a0\u00bbwithout_pattern\u00a0\u00bb css=\u00a0\u00bb.vc_custom_1764413952027{background-color: #1E73BE !important;}\u00a0\u00bb z_index=\u00a0\u00bb\u00a0\u00bb][vc_column width=\u00a0\u00bb1\/2&Prime;][vc_empty_space][vc_column_text css=\u00a0\u00bb\u00a0\u00bb]<\/p>\n<h1 style=\"text-align: right;\"><a href=\"https:\/\/lentraide.es\/fr\/nous-soutenir\/\"><span style=\"color: #ffffff;\"><strong>SOUTENEZ LES ACTIONS DE L&rsquo;ENTRAIDE &gt;<\/strong><\/span><\/a><\/h1>\n<p>[\/vc_column_text][vc_empty_space][\/vc_column][vc_column width=\u00a0\u00bb1\/2&Prime;][vc_empty_space][vc_btn title=\u00a0\u00bbUN GESTE SIMPLE, UN IMPACT FORT\u00a0\u00bb color=\u00a0\u00bbwhite\u00a0\u00bb size=\u00a0\u00bblg\u00a0\u00bb align=\u00a0\u00bbleft\u00a0\u00bb css=\u00a0\u00bb\u00a0\u00bb link=\u00a0\u00bburl:https%3A%2F%2Flentraide.es%2Ffr%2Fnous-soutenir%2F|title:Nous%20soutenir|target:_blank\u00a0\u00bb][vc_empty_space][\/vc_column][\/vc_row]<\/p>\n<\/div>","protected":false},"excerpt":{"rendered":"<p>[vc_row css_animation=\u00a0\u00bb\u00a0\u00bb row_type=\u00a0\u00bbrow\u00a0\u00bb use_row_as_full_screen_section=\u00a0\u00bbno\u00a0\u00bb type=\u00a0\u00bbgrid\u00a0\u00bb angled_section=\u00a0\u00bbno\u00a0\u00bb text_align=\u00a0\u00bbleft\u00a0\u00bb background_image_as_pattern=\u00a0\u00bbwithout_pattern\u00a0\u00bb z_index=\u00a0\u00bb\u00a0\u00bb][vc_column width=\u00a0\u00bb1\/6&Prime;][vc_empty_space height=\u00a0\u00bb20px\u00a0\u00bb][\/vc_column][vc_column width=\u00a0\u00bb2\/3&Prime;][vc_empty_space height=\u00a0\u00bb20px\u00a0\u00bb][vc_column_text css=\u00a0\u00bb\u00a0\u00bb] RECONSTUIRE UN PROJET DE VIE [\/vc_column_text][vc_empty_space height=\u00a0\u00bb20px\u00a0\u00bb][\/vc_column][vc_column width=\u00a0\u00bb1\/6&Prime;][vc_empty_space height=\u00a0\u00bb20px\u00a0\u00bb][\/vc_column][\/vc_row][vc_row css_animation=\u00a0\u00bb\u00a0\u00bb row_type=\u00a0\u00bbrow\u00a0\u00bb use_row_as_full_screen_section=\u00a0\u00bbno\u00a0\u00bb type=\u00a0\u00bbfull_width\u00a0\u00bb angled_section=\u00a0\u00bbno\u00a0\u00bb text_align=\u00a0\u00bbleft\u00a0\u00bb background_image_as_pattern=\u00a0\u00bbwithout_pattern\u00a0\u00bb][vc_column][vc_empty_space][\/vc_column][\/vc_row][vc_row&#8230;<\/p>\n","protected":false},"author":400,"featured_media":0,"parent":0,"menu_order":0,"comment_status":"closed","ping_status":"closed","template":"full_width.php","meta":{"_acf_changed":false,"footnotes":""},"class_list":["post-62344","page","type-page","status-publish","hentry"],"acf":[],"yoast_head":"<!-- This site is optimized with the Yoast SEO plugin v27.3 - https:\/\/yoast.com\/product\/yoast-seo-wordpress\/ -->\n<title>Reconstuire un projet de vie | Entraide Fran\u00e7aise<\/title>\n<meta name=\"description\" content=\"Reconstuire un projet de vie | Entraide Fran\u00e7aise |\" \/>\n<meta name=\"robots\" content=\"index, follow, max-snippet:-1, max-image-preview:large, max-video-preview:-1\" \/>\n<link rel=\"canonical\" href=\"https:\/\/lentraide.es\/fr\/reconstruire-projet-vie\/\" \/>\n<meta property=\"og:locale\" content=\"fr_FR\" \/>\n<meta property=\"og:type\" content=\"article\" \/>\n<meta property=\"og:title\" content=\"Reconstuire un projet de vie | Entraide Fran\u00e7aise\" \/>\n<meta property=\"og:description\" content=\"Reconstuire un projet de vie | Entraide Fran\u00e7aise |\" \/>\n<meta property=\"og:url\" content=\"https:\/\/lentraide.es\/fr\/reconstruire-projet-vie\/\" \/>\n<meta property=\"og:site_name\" content=\"Entraide Fran\u00e7aise\" \/>\n<meta property=\"article:publisher\" content=\"https:\/\/www.facebook.com\/entraide.francaisemadrid\" \/>\n<meta property=\"article:modified_time\" content=\"2026-03-30T20:21:32+00:00\" \/>\n<meta name=\"twitter:card\" content=\"summary_large_image\" \/>\n<meta name=\"twitter:label1\" content=\"Tiempo de lectura\" \/>\n\t<meta name=\"twitter:data1\" content=\"3 minutes\" \/>\n<script type=\"application\/ld+json\" class=\"yoast-schema-graph\">{\"@context\":\"https:\\\/\\\/schema.org\",\"@graph\":[{\"@type\":\"WebPage\",\"@id\":\"https:\\\/\\\/lentraide.es\\\/fr\\\/reconstruire-projet-vie\\\/\",\"url\":\"https:\\\/\\\/lentraide.es\\\/fr\\\/reconstruire-projet-vie\\\/\",\"name\":\"Reconstuire un projet de vie | Entraide Fran\u00e7aise\",\"isPartOf\":{\"@id\":\"https:\\\/\\\/lentraide.es\\\/fr\\\/#website\"},\"datePublished\":\"2025-11-29T11:00:05+00:00\",\"dateModified\":\"2026-03-30T20:21:32+00:00\",\"description\":\"Reconstuire un projet de vie | Entraide Fran\u00e7aise |\",\"breadcrumb\":{\"@id\":\"https:\\\/\\\/lentraide.es\\\/fr\\\/reconstruire-projet-vie\\\/#breadcrumb\"},\"inLanguage\":\"es\",\"potentialAction\":[{\"@type\":\"ReadAction\",\"target\":[\"https:\\\/\\\/lentraide.es\\\/fr\\\/reconstruire-projet-vie\\\/\"]}]},{\"@type\":\"BreadcrumbList\",\"@id\":\"https:\\\/\\\/lentraide.es\\\/fr\\\/reconstruire-projet-vie\\\/#breadcrumb\",\"itemListElement\":[{\"@type\":\"ListItem\",\"position\":1,\"name\":\"Accueil\",\"item\":\"https:\\\/\\\/lentraide.es\\\/fr\\\/\"},{\"@type\":\"ListItem\",\"position\":2,\"name\":\"Reconstuire un projet de vie\"}]},{\"@type\":\"WebSite\",\"@id\":\"https:\\\/\\\/lentraide.es\\\/fr\\\/#website\",\"url\":\"https:\\\/\\\/lentraide.es\\\/fr\\\/\",\"name\":\"Entraide Fran\u00e7aise\",\"description\":\"Une main tendue vers la France\",\"publisher\":{\"@id\":\"https:\\\/\\\/lentraide.es\\\/fr\\\/#organization\"},\"alternateName\":\"L'entraide\",\"potentialAction\":[{\"@type\":\"SearchAction\",\"target\":{\"@type\":\"EntryPoint\",\"urlTemplate\":\"https:\\\/\\\/lentraide.es\\\/fr\\\/?s={search_term_string}\"},\"query-input\":{\"@type\":\"PropertyValueSpecification\",\"valueRequired\":true,\"valueName\":\"search_term_string\"}}],\"inLanguage\":\"es\"},{\"@type\":\"Organization\",\"@id\":\"https:\\\/\\\/lentraide.es\\\/fr\\\/#organization\",\"name\":\"Entraide Fran\u00e7aise\",\"alternateName\":\"L'entraide\",\"url\":\"https:\\\/\\\/lentraide.es\\\/fr\\\/\",\"logo\":{\"@type\":\"ImageObject\",\"inLanguage\":\"es\",\"@id\":\"https:\\\/\\\/lentraide.es\\\/fr\\\/#\\\/schema\\\/logo\\\/image\\\/\",\"url\":\"https:\\\/\\\/lentraide.es\\\/wp-content\\\/uploads\\\/2015\\\/07\\\/LOGO-azul2.png\",\"contentUrl\":\"https:\\\/\\\/lentraide.es\\\/wp-content\\\/uploads\\\/2015\\\/07\\\/LOGO-azul2.png\",\"width\":232,\"height\":146,\"caption\":\"Entraide Fran\u00e7aise\"},\"image\":{\"@id\":\"https:\\\/\\\/lentraide.es\\\/fr\\\/#\\\/schema\\\/logo\\\/image\\\/\"},\"sameAs\":[\"https:\\\/\\\/www.facebook.com\\\/entraide.francaisemadrid\",\"https:\\\/\\\/www.instagram.com\\\/entraidefrancaisemadrid\\\/\"]}]}<\/script>\n<!-- \/ Yoast SEO plugin. -->","yoast_head_json":{"title":"Reconstuire un projet de vie | Entraide Fran\u00e7aise","description":"Reconstuire un projet de vie | Entraide Fran\u00e7aise |","robots":{"index":"index","follow":"follow","max-snippet":"max-snippet:-1","max-image-preview":"max-image-preview:large","max-video-preview":"max-video-preview:-1"},"canonical":"https:\/\/lentraide.es\/fr\/reconstruire-projet-vie\/","og_locale":"fr_FR","og_type":"article","og_title":"Reconstuire un projet de vie | Entraide Fran\u00e7aise","og_description":"Reconstuire un projet de vie | Entraide Fran\u00e7aise |","og_url":"https:\/\/lentraide.es\/fr\/reconstruire-projet-vie\/","og_site_name":"Entraide Fran\u00e7aise","article_publisher":"https:\/\/www.facebook.com\/entraide.francaisemadrid","article_modified_time":"2026-03-30T20:21:32+00:00","twitter_card":"summary_large_image","twitter_misc":{"Tiempo de lectura":"3 minutes"},"schema":{"@context":"https:\/\/schema.org","@graph":[{"@type":"WebPage","@id":"https:\/\/lentraide.es\/fr\/reconstruire-projet-vie\/","url":"https:\/\/lentraide.es\/fr\/reconstruire-projet-vie\/","name":"Reconstuire un projet de vie | Entraide Fran\u00e7aise","isPartOf":{"@id":"https:\/\/lentraide.es\/fr\/#website"},"datePublished":"2025-11-29T11:00:05+00:00","dateModified":"2026-03-30T20:21:32+00:00","description":"Reconstuire un projet de vie | Entraide Fran\u00e7aise |","breadcrumb":{"@id":"https:\/\/lentraide.es\/fr\/reconstruire-projet-vie\/#breadcrumb"},"inLanguage":"es","potentialAction":[{"@type":"ReadAction","target":["https:\/\/lentraide.es\/fr\/reconstruire-projet-vie\/"]}]},{"@type":"BreadcrumbList","@id":"https:\/\/lentraide.es\/fr\/reconstruire-projet-vie\/#breadcrumb","itemListElement":[{"@type":"ListItem","position":1,"name":"Accueil","item":"https:\/\/lentraide.es\/fr\/"},{"@type":"ListItem","position":2,"name":"Reconstuire un projet de vie"}]},{"@type":"WebSite","@id":"https:\/\/lentraide.es\/fr\/#website","url":"https:\/\/lentraide.es\/fr\/","name":"Entraide Fran\u00e7aise","description":"Une main tendue vers la France","publisher":{"@id":"https:\/\/lentraide.es\/fr\/#organization"},"alternateName":"L'entraide","potentialAction":[{"@type":"SearchAction","target":{"@type":"EntryPoint","urlTemplate":"https:\/\/lentraide.es\/fr\/?s={search_term_string}"},"query-input":{"@type":"PropertyValueSpecification","valueRequired":true,"valueName":"search_term_string"}}],"inLanguage":"es"},{"@type":"Organization","@id":"https:\/\/lentraide.es\/fr\/#organization","name":"Entraide Fran\u00e7aise","alternateName":"L'entraide","url":"https:\/\/lentraide.es\/fr\/","logo":{"@type":"ImageObject","inLanguage":"es","@id":"https:\/\/lentraide.es\/fr\/#\/schema\/logo\/image\/","url":"https:\/\/lentraide.es\/wp-content\/uploads\/2015\/07\/LOGO-azul2.png","contentUrl":"https:\/\/lentraide.es\/wp-content\/uploads\/2015\/07\/LOGO-azul2.png","width":232,"height":146,"caption":"Entraide Fran\u00e7aise"},"image":{"@id":"https:\/\/lentraide.es\/fr\/#\/schema\/logo\/image\/"},"sameAs":["https:\/\/www.facebook.com\/entraide.francaisemadrid","https:\/\/www.instagram.com\/entraidefrancaisemadrid\/"]}]}},"_links":{"self":[{"href":"https:\/\/lentraide.es\/fr\/wp-json\/wp\/v2\/pages\/62344","targetHints":{"allow":["GET"]}}],"collection":[{"href":"https:\/\/lentraide.es\/fr\/wp-json\/wp\/v2\/pages"}],"about":[{"href":"https:\/\/lentraide.es\/fr\/wp-json\/wp\/v2\/types\/page"}],"author":[{"embeddable":true,"href":"https:\/\/lentraide.es\/fr\/wp-json\/wp\/v2\/users\/400"}],"replies":[{"embeddable":true,"href":"https:\/\/lentraide.es\/fr\/wp-json\/wp\/v2\/comments?post=62344"}],"version-history":[{"count":2,"href":"https:\/\/lentraide.es\/fr\/wp-json\/wp\/v2\/pages\/62344\/revisions"}],"predecessor-version":[{"id":63421,"href":"https:\/\/lentraide.es\/fr\/wp-json\/wp\/v2\/pages\/62344\/revisions\/63421"}],"wp:attachment":[{"href":"https:\/\/lentraide.es\/fr\/wp-json\/wp\/v2\/media?parent=62344"}],"curies":[{"name":"wp","href":"https:\/\/api.w.org\/{rel}","templated":true}]}}