{"id":53947,"date":"2026-03-06T17:00:37","date_gmt":"2026-03-06T16:00:37","guid":{"rendered":"https:\/\/lentraide.es\/?post_type=product&#038;p=53947"},"modified":"2026-04-11T10:50:09","modified_gmt":"2026-04-11T08:50:09","slug":"tournoi-de-golf","status":"publish","type":"product","link":"https:\/\/lentraide.es\/fr\/tienda\/tournoi-de-golf\/","title":{"rendered":"Tournoi de golf \u2013 12 Juin 2026 \u00e0 14 heures &#8211; Golf de Torrej\u00f3n de Ard\u00f3z"},"content":{"rendered":"<div class=\"wpb-content-wrapper\"><p>[vc_row css_animation=\u00a0\u00bb\u00a0\u00bb row_type=\u00a0\u00bbrow\u00a0\u00bb use_row_as_full_screen_section=\u00a0\u00bbno\u00a0\u00bb type=\u00a0\u00bbfull_width\u00a0\u00bb angled_section=\u00a0\u00bbno\u00a0\u00bb text_align=\u00a0\u00bbleft\u00a0\u00bb background_image_as_pattern=\u00a0\u00bbwithout_pattern\u00a0\u00bb][vc_column][vc_column_text css=\u00a0\u00bb\u00a0\u00bb]<strong>Informations compl\u00e9mentaires\u00a0:<\/strong><\/p>\n<p><strong>Buggies\u00a0:<\/strong><br \/>\nSeulement 8 buggies disponibles.<br \/>\nAttribu\u00e9s dans l&rsquo;ordre des inscriptions re\u00e7ues.<br \/>\nSi vous r\u00e9servez pour plusieurs personnes \u00e0 la fois et que vous souhaitez r\u00e9server un buggy,<br \/>\nil faut s\u00e9lectionner\u00a0:<\/p>\n<ul>\n<li>Un ticket avec buggy (90\u00a0\u20ac)<\/li>\n<li>Le reste des tickets sans buggy (58\u00a0\u20ac)<\/li>\n<\/ul>\n<p><strong>Billet de tombola\u00a0:<\/strong><br \/>\n5\u00a0\u20ac le billet (\u00e0 acheter directement pendant l&rsquo;\u00e9v\u00e9nement).<\/p>\n<p><strong>Formulaire obligatoire\u00a0:<\/strong><br \/>\n\u00c0 compl\u00e9ter pour tous les joueurs du tournoi ainsi que leurs accompagnateurs au cocktail pour pouvoir acc\u00e9der \u00e0 la Base A\u00e9rea\u00a0:<br \/>\n<a href=\"https:\/\/forms.gle\/12rQEjCvEPPvJZmi8\">https:\/\/forms.gle\/12rQEjCvEPPvJZmi8<\/a><\/p>\n<p><strong>Acc\u00e8s \u00e0 la Base A\u00e9rea\u00a0:<\/strong><br \/>\nPour des raisons de s\u00e9curit\u00e9, il est imp\u00e9ratif de communiquer\u00a0:<\/p>\n<ul>\n<li>La marque, le mod\u00e8le, la couleur et la plaque d&rsquo;immatriculation de la voiture<\/li>\n<li>Le DNI ou le passeport de chaque occupant du v\u00e9hicule<\/li>\n<\/ul>\n<p>Cela s&rsquo;applique \u00e9galement aux personnes qui ne viennent qu&rsquo;au cocktail de 20h00.<\/p>\n<p><strong>Acc\u00e8s au terrain de golf\u00a0:<\/strong><br \/>\nLe terrain de golf se trouve au fond de la Base A\u00e9rea.<br \/>\nApr\u00e8s avoir pass\u00e9 le contr\u00f4le de s\u00e9curit\u00e9, continuez tout droit sur environ 1 km,\u00a0puis tournez \u00e0 droite en suivant les panneaux \u00abCampo de Golf\u00a0\u00bb.[\/vc_column_text][\/vc_column][\/vc_row]<\/p>\n<\/div>","protected":false},"excerpt":{"rendered":"<p dir=\"auto\" style=\"text-align: justify;\">L\u2019Entraide organise son traditionnel tournoi de golf le VENDREDI 12 JUIN 2026 au TERRAIN DE GOLF de la BASE AERIENNE DE TORREJON (Autoroute A2 \u2013 sortie 22 \u2013 Base A\u00e9rienne).<\/p>\n<p>&nbsp;<\/p>\n<p dir=\"auto\" style=\"text-align: justify;\">Le d\u00e9part de cette comp\u00e9tition officielle de la RFGE en mode STABLEFORD est fix\u00e9 \u00e0 14h30 <strong>pr\u00e9cises<\/strong>, l\u2019accueil des participants d\u00e9butera \u00e0 14h. Le cocktail et la c\u00e9r\u00e9monie de remise des troph\u00e9es se d\u00e9roulera \u00e0 partir de 20h. L\u2019inscription peut se r\u00e9aliser pour l\u2019un ou l\u2019autre des \u00e9v\u00e8nements.<\/p>\n<p>&nbsp;<\/p>\n<p dir=\"auto\" style=\"text-align: justify;\">Le Club House dispose de vestiaires et de douches pour les joueurs, qui recevront une collation (sandwich, barre \u00e9nerg\u00e9tique, fruit et bouteille d\u2019eau) avant le d\u00e9part.<\/p>\n<p>&nbsp;<\/p>\n<p dir=\"auto\" style=\"text-align: justify;\">L\u2019int\u00e9gralit\u00e9 des contributions financi\u00e8res de cette journ\u00e9e seront revers\u00e9es \u00e0 l\u2019Entraide de Madrid pour ses \u0153uvres caritatives.<\/p>\n<p>&nbsp;<\/p>\n<p style=\"text-align: justify;\">Pour l&rsquo;inscription, deux possibilit\u00e9s, avec ou sans buggy\u00a0 :<\/p>\n<ul style=\"text-align: justify;\">\n<li style=\"list-style-type: none;\">\n<ul style=\"text-align: justify;\">\n<li>Tournoi (Green Fee) + Collation (Tentempi\u00e9) + Cocktail<\/li>\n<li>Tournoi (Green Fee) + Collation (Tentempi\u00e9) + Cocktail + Buggy (dans la limite des 8 v\u00e9hicules disponibles)<\/li>\n<\/ul>\n<\/li>\n<\/ul>\n<p>&nbsp;<\/p>\n<p style=\"text-align: justify;\"><span style=\"color: #0000ff;\"><strong>Merci de remplir ce formulaire pour participer au tournoi et acc\u00e9der \u00e0 la Base Aerea : <a href=\"https:\/\/forms.gle\/12rQEjCvEPPvJZmi8\">https:\/\/forms.gle\/12rQEjCvEPPvJZmi8<\/a>\u00a0<\/strong><\/span><\/p>\n","protected":false},"featured_media":63101,"template":"","meta":{"_acf_changed":false},"product_brand":[],"product_cat":[149],"product_tag":[],"class_list":{"0":"post-53947","1":"product","2":"type-product","3":"status-publish","4":"has-post-thumbnail","6":"product_cat-evenements","8":"first","9":"instock","10":"featured","11":"shipping-taxable","12":"purchasable","13":"product-type-variable","14":"has-default-attributes"},"acf":[],"yoast_head":"<!-- This site is optimized with the Yoast SEO plugin v27.3 - https:\/\/yoast.com\/product\/yoast-seo-wordpress\/ -->\n<title>Tournoi de golf \u2013 12 Juin 2026 \u00e0 14 heures - Golf de Torrej\u00f3n de Ard\u00f3z | Entraide Fran\u00e7aise<\/title>\n<meta name=\"description\" content=\"Tournoi de golf de l&#039;Entraide Fran\u00e7aise\" \/>\n<meta name=\"robots\" content=\"index, follow, max-snippet:-1, max-image-preview:large, max-video-preview:-1\" \/>\n<link rel=\"canonical\" href=\"https:\/\/lentraide.es\/fr\/tienda\/tournoi-de-golf\/\" \/>\n<meta property=\"og:locale\" content=\"fr_FR\" \/>\n<meta property=\"og:type\" content=\"article\" \/>\n<meta property=\"og:title\" content=\"Tournoi de golf \u2013 12 Juin 2026 \u00e0 14 heures - Golf de Torrej\u00f3n de Ard\u00f3z | Entraide Fran\u00e7aise\" \/>\n<meta property=\"og:description\" content=\"Tournoi de golf de l&#039;Entraide Fran\u00e7aise\" \/>\n<meta property=\"og:url\" content=\"https:\/\/lentraide.es\/fr\/tienda\/tournoi-de-golf\/\" \/>\n<meta property=\"og:site_name\" content=\"Entraide Fran\u00e7aise\" \/>\n<meta property=\"article:publisher\" content=\"https:\/\/www.facebook.com\/entraide.francaisemadrid\" \/>\n<meta property=\"article:modified_time\" content=\"2026-04-11T08:50:09+00:00\" \/>\n<meta property=\"og:image\" content=\"https:\/\/lentraide.es\/wp-content\/uploads\/2025\/03\/Golf-Je-bouge-pour-lEntraide-2026-1.png\" \/>\n\t<meta property=\"og:image:width\" content=\"738\" \/>\n\t<meta property=\"og:image:height\" content=\"738\" \/>\n\t<meta property=\"og:image:type\" content=\"image\/png\" \/>\n<meta name=\"twitter:card\" content=\"summary_large_image\" \/>\n<meta name=\"twitter:label1\" content=\"Tiempo de lectura\" \/>\n\t<meta name=\"twitter:data1\" content=\"2 minutes\" \/>\n<script type=\"application\/ld+json\" class=\"yoast-schema-graph\">{\"@context\":\"https:\\\/\\\/schema.org\",\"@graph\":[{\"@type\":\"WebPage\",\"@id\":\"https:\\\/\\\/lentraide.es\\\/fr\\\/tienda\\\/tournoi-de-golf\\\/\",\"url\":\"https:\\\/\\\/lentraide.es\\\/fr\\\/tienda\\\/tournoi-de-golf\\\/\",\"name\":\"Tournoi de golf \u2013 12 Juin 2026 \u00e0 14 heures - Golf de Torrej\u00f3n de Ard\u00f3z | Entraide Fran\u00e7aise\",\"isPartOf\":{\"@id\":\"https:\\\/\\\/lentraide.es\\\/fr\\\/#website\"},\"primaryImageOfPage\":{\"@id\":\"https:\\\/\\\/lentraide.es\\\/fr\\\/tienda\\\/tournoi-de-golf\\\/#primaryimage\"},\"image\":{\"@id\":\"https:\\\/\\\/lentraide.es\\\/fr\\\/tienda\\\/tournoi-de-golf\\\/#primaryimage\"},\"thumbnailUrl\":\"https:\\\/\\\/lentraide.es\\\/wp-content\\\/uploads\\\/2025\\\/03\\\/Golf-Je-bouge-pour-lEntraide-2026-1.png\",\"datePublished\":\"2026-03-06T16:00:37+00:00\",\"dateModified\":\"2026-04-11T08:50:09+00:00\",\"description\":\"Tournoi de golf de l'Entraide Fran\u00e7aise\",\"breadcrumb\":{\"@id\":\"https:\\\/\\\/lentraide.es\\\/fr\\\/tienda\\\/tournoi-de-golf\\\/#breadcrumb\"},\"inLanguage\":\"es\",\"potentialAction\":[{\"@type\":\"ReadAction\",\"target\":[\"https:\\\/\\\/lentraide.es\\\/fr\\\/tienda\\\/tournoi-de-golf\\\/\"]}]},{\"@type\":\"ImageObject\",\"inLanguage\":\"es\",\"@id\":\"https:\\\/\\\/lentraide.es\\\/fr\\\/tienda\\\/tournoi-de-golf\\\/#primaryimage\",\"url\":\"https:\\\/\\\/lentraide.es\\\/wp-content\\\/uploads\\\/2025\\\/03\\\/Golf-Je-bouge-pour-lEntraide-2026-1.png\",\"contentUrl\":\"https:\\\/\\\/lentraide.es\\\/wp-content\\\/uploads\\\/2025\\\/03\\\/Golf-Je-bouge-pour-lEntraide-2026-1.png\",\"width\":738,\"height\":738},{\"@type\":\"BreadcrumbList\",\"@id\":\"https:\\\/\\\/lentraide.es\\\/fr\\\/tienda\\\/tournoi-de-golf\\\/#breadcrumb\",\"itemListElement\":[{\"@type\":\"ListItem\",\"position\":1,\"name\":\"Accueil\",\"item\":\"https:\\\/\\\/lentraide.es\\\/fr\\\/\"},{\"@type\":\"ListItem\",\"position\":2,\"name\":\"Boutique\",\"item\":\"https:\\\/\\\/lentraide.es\\\/fr\\\/boutique-new\\\/\"},{\"@type\":\"ListItem\",\"position\":3,\"name\":\"Tournoi de golf \u2013 12 Juin 2026 \u00e0 14 heures &#8211; Golf de Torrej\u00f3n de Ard\u00f3z\"}]},{\"@type\":\"WebSite\",\"@id\":\"https:\\\/\\\/lentraide.es\\\/fr\\\/#website\",\"url\":\"https:\\\/\\\/lentraide.es\\\/fr\\\/\",\"name\":\"Entraide Fran\u00e7aise\",\"description\":\"Une main tendue vers la France\",\"publisher\":{\"@id\":\"https:\\\/\\\/lentraide.es\\\/fr\\\/#organization\"},\"alternateName\":\"L'entraide\",\"potentialAction\":[{\"@type\":\"SearchAction\",\"target\":{\"@type\":\"EntryPoint\",\"urlTemplate\":\"https:\\\/\\\/lentraide.es\\\/fr\\\/?s={search_term_string}\"},\"query-input\":{\"@type\":\"PropertyValueSpecification\",\"valueRequired\":true,\"valueName\":\"search_term_string\"}}],\"inLanguage\":\"es\"},{\"@type\":\"Organization\",\"@id\":\"https:\\\/\\\/lentraide.es\\\/fr\\\/#organization\",\"name\":\"Entraide Fran\u00e7aise\",\"alternateName\":\"L'entraide\",\"url\":\"https:\\\/\\\/lentraide.es\\\/fr\\\/\",\"logo\":{\"@type\":\"ImageObject\",\"inLanguage\":\"es\",\"@id\":\"https:\\\/\\\/lentraide.es\\\/fr\\\/#\\\/schema\\\/logo\\\/image\\\/\",\"url\":\"https:\\\/\\\/lentraide.es\\\/wp-content\\\/uploads\\\/2015\\\/07\\\/LOGO-azul2.png\",\"contentUrl\":\"https:\\\/\\\/lentraide.es\\\/wp-content\\\/uploads\\\/2015\\\/07\\\/LOGO-azul2.png\",\"width\":232,\"height\":146,\"caption\":\"Entraide Fran\u00e7aise\"},\"image\":{\"@id\":\"https:\\\/\\\/lentraide.es\\\/fr\\\/#\\\/schema\\\/logo\\\/image\\\/\"},\"sameAs\":[\"https:\\\/\\\/www.facebook.com\\\/entraide.francaisemadrid\",\"https:\\\/\\\/www.instagram.com\\\/entraidefrancaisemadrid\\\/\"]}]}<\/script>\n<!-- \/ Yoast SEO plugin. -->","yoast_head_json":{"title":"Tournoi de golf \u2013 12 Juin 2026 \u00e0 14 heures - Golf de Torrej\u00f3n de Ard\u00f3z | Entraide Fran\u00e7aise","description":"Tournoi de golf de l'Entraide Fran\u00e7aise","robots":{"index":"index","follow":"follow","max-snippet":"max-snippet:-1","max-image-preview":"max-image-preview:large","max-video-preview":"max-video-preview:-1"},"canonical":"https:\/\/lentraide.es\/fr\/tienda\/tournoi-de-golf\/","og_locale":"fr_FR","og_type":"article","og_title":"Tournoi de golf \u2013 12 Juin 2026 \u00e0 14 heures - Golf de Torrej\u00f3n de Ard\u00f3z | Entraide Fran\u00e7aise","og_description":"Tournoi de golf de l'Entraide Fran\u00e7aise","og_url":"https:\/\/lentraide.es\/fr\/tienda\/tournoi-de-golf\/","og_site_name":"Entraide Fran\u00e7aise","article_publisher":"https:\/\/www.facebook.com\/entraide.francaisemadrid","article_modified_time":"2026-04-11T08:50:09+00:00","og_image":[{"width":738,"height":738,"url":"https:\/\/lentraide.es\/wp-content\/uploads\/2025\/03\/Golf-Je-bouge-pour-lEntraide-2026-1.png","type":"image\/png"}],"twitter_card":"summary_large_image","twitter_misc":{"Tiempo de lectura":"2 minutes"},"schema":{"@context":"https:\/\/schema.org","@graph":[{"@type":"WebPage","@id":"https:\/\/lentraide.es\/fr\/tienda\/tournoi-de-golf\/","url":"https:\/\/lentraide.es\/fr\/tienda\/tournoi-de-golf\/","name":"Tournoi de golf \u2013 12 Juin 2026 \u00e0 14 heures - Golf de Torrej\u00f3n de Ard\u00f3z | Entraide Fran\u00e7aise","isPartOf":{"@id":"https:\/\/lentraide.es\/fr\/#website"},"primaryImageOfPage":{"@id":"https:\/\/lentraide.es\/fr\/tienda\/tournoi-de-golf\/#primaryimage"},"image":{"@id":"https:\/\/lentraide.es\/fr\/tienda\/tournoi-de-golf\/#primaryimage"},"thumbnailUrl":"https:\/\/lentraide.es\/wp-content\/uploads\/2025\/03\/Golf-Je-bouge-pour-lEntraide-2026-1.png","datePublished":"2026-03-06T16:00:37+00:00","dateModified":"2026-04-11T08:50:09+00:00","description":"Tournoi de golf de l'Entraide Fran\u00e7aise","breadcrumb":{"@id":"https:\/\/lentraide.es\/fr\/tienda\/tournoi-de-golf\/#breadcrumb"},"inLanguage":"es","potentialAction":[{"@type":"ReadAction","target":["https:\/\/lentraide.es\/fr\/tienda\/tournoi-de-golf\/"]}]},{"@type":"ImageObject","inLanguage":"es","@id":"https:\/\/lentraide.es\/fr\/tienda\/tournoi-de-golf\/#primaryimage","url":"https:\/\/lentraide.es\/wp-content\/uploads\/2025\/03\/Golf-Je-bouge-pour-lEntraide-2026-1.png","contentUrl":"https:\/\/lentraide.es\/wp-content\/uploads\/2025\/03\/Golf-Je-bouge-pour-lEntraide-2026-1.png","width":738,"height":738},{"@type":"BreadcrumbList","@id":"https:\/\/lentraide.es\/fr\/tienda\/tournoi-de-golf\/#breadcrumb","itemListElement":[{"@type":"ListItem","position":1,"name":"Accueil","item":"https:\/\/lentraide.es\/fr\/"},{"@type":"ListItem","position":2,"name":"Boutique","item":"https:\/\/lentraide.es\/fr\/boutique-new\/"},{"@type":"ListItem","position":3,"name":"Tournoi de golf \u2013 12 Juin 2026 \u00e0 14 heures &#8211; Golf de Torrej\u00f3n de Ard\u00f3z"}]},{"@type":"WebSite","@id":"https:\/\/lentraide.es\/fr\/#website","url":"https:\/\/lentraide.es\/fr\/","name":"Entraide Fran\u00e7aise","description":"Une main tendue vers la France","publisher":{"@id":"https:\/\/lentraide.es\/fr\/#organization"},"alternateName":"L'entraide","potentialAction":[{"@type":"SearchAction","target":{"@type":"EntryPoint","urlTemplate":"https:\/\/lentraide.es\/fr\/?s={search_term_string}"},"query-input":{"@type":"PropertyValueSpecification","valueRequired":true,"valueName":"search_term_string"}}],"inLanguage":"es"},{"@type":"Organization","@id":"https:\/\/lentraide.es\/fr\/#organization","name":"Entraide Fran\u00e7aise","alternateName":"L'entraide","url":"https:\/\/lentraide.es\/fr\/","logo":{"@type":"ImageObject","inLanguage":"es","@id":"https:\/\/lentraide.es\/fr\/#\/schema\/logo\/image\/","url":"https:\/\/lentraide.es\/wp-content\/uploads\/2015\/07\/LOGO-azul2.png","contentUrl":"https:\/\/lentraide.es\/wp-content\/uploads\/2015\/07\/LOGO-azul2.png","width":232,"height":146,"caption":"Entraide Fran\u00e7aise"},"image":{"@id":"https:\/\/lentraide.es\/fr\/#\/schema\/logo\/image\/"},"sameAs":["https:\/\/www.facebook.com\/entraide.francaisemadrid","https:\/\/www.instagram.com\/entraidefrancaisemadrid\/"]}]}},"_links":{"self":[{"href":"https:\/\/lentraide.es\/fr\/wp-json\/wp\/v2\/product\/53947","targetHints":{"allow":["GET"]}}],"collection":[{"href":"https:\/\/lentraide.es\/fr\/wp-json\/wp\/v2\/product"}],"about":[{"href":"https:\/\/lentraide.es\/fr\/wp-json\/wp\/v2\/types\/product"}],"wp:featuredmedia":[{"embeddable":true,"href":"https:\/\/lentraide.es\/fr\/wp-json\/wp\/v2\/media\/63101"}],"wp:attachment":[{"href":"https:\/\/lentraide.es\/fr\/wp-json\/wp\/v2\/media?parent=53947"}],"wp:term":[{"taxonomy":"product_brand","embeddable":true,"href":"https:\/\/lentraide.es\/fr\/wp-json\/wp\/v2\/product_brand?post=53947"},{"taxonomy":"product_cat","embeddable":true,"href":"https:\/\/lentraide.es\/fr\/wp-json\/wp\/v2\/product_cat?post=53947"},{"taxonomy":"product_tag","embeddable":true,"href":"https:\/\/lentraide.es\/fr\/wp-json\/wp\/v2\/product_tag?post=53947"}],"curies":[{"name":"wp","href":"https:\/\/api.w.org\/{rel}","templated":true}]}}